{"id":13034,"date":"2020-02-22T00:13:19","date_gmt":"2020-02-21T23:13:19","guid":{"rendered":"https:\/\/radonpro.dk\/?page_id=13034"},"modified":"2021-03-22T15:11:37","modified_gmt":"2021-03-22T14:11:37","slug":"artikler","status":"publish","type":"page","link":"https:\/\/radonpro.dk\/en\/artikler\/","title":{"rendered":"Artikler"},"content":{"rendered":"<div class=\"vc_row wpb_row vc_row-fluid container mpc-row\"><div class=\"wpb_column vc_column_container vc_col-sm-12 mpc-column\" data-column-id=\"mpc_column-9269f5c1bac4b87\"><div class=\"vc_column-inner\"><div class=\"wpb_wrapper\"><div id=\"ultimate-heading-942669f5c1bac4199\" class=\"uvc-heading ult-adjust-bottom-margin ultimate-heading-942669f5c1bac4199 uvc-8200\" data-hspacer=\"no_spacer\" data-halign=\"center\" style=\"text-align:center\"><div class=\"uvc-heading-spacer no_spacer\" style=\"top\"><\/div><div class=\"uvc-main-heading ult-responsive\" data-ultimate-target=\".uvc-heading.ultimate-heading-942669f5c1bac4199 h1\" data-responsive-json-new='{\"font-size\":\"\",\"line-height\":\"\"}'><h1 style=\"font-weight:normal;\">Seneste indl&aelig;g \/ Artikler<\/h1><\/div><\/div><div class=\"vc_empty_space\" style=\"height: 32px\"><span class=\"vc_empty_space_inner\"><\/span><\/div><\/div><\/div><\/div><div class=\"wpb_column vc_column_container vc_col-sm-3 mpc-column\" data-column-id=\"mpc_column-2969f5c1bac67b5\"><div class=\"vc_column-inner\"><div class=\"wpb_wrapper\">\n\t<div class=\"wpb_single_image wpb_content_element vc_align_left\">\n\t\t\n\t\t<figure class=\"wpb_wrapper vc_figure\">\n\t\t\t<a href=\"https:\/\/radonpro.dk\/en\/fokus-paa-et-sundt-indeklima\/\" target=\"_self\" class=\"vc_single_image-wrapper   vc_box_border_grey\"><img loading=\"lazy\" decoding=\"async\" width=\"2560\" height=\"1709\" src=\"https:\/\/radonpro.dk\/wp-content\/uploads\/RadonPro_radonsikring-scaled.jpg\" class=\"vc_single_image-img attachment-large\" alt=\"\" title=\"RadonPro_radonsikring\" srcset=\"https:\/\/radonpro.dk\/wp-content\/uploads\/RadonPro_radonsikring-scaled.jpg 2560w, https:\/\/radonpro.dk\/wp-content\/uploads\/RadonPro_radonsikring-150x100.jpg 150w, https:\/\/radonpro.dk\/wp-content\/uploads\/RadonPro_radonsikring-768x513.jpg 768w, https:\/\/radonpro.dk\/wp-content\/uploads\/RadonPro_radonsikring-1536x1025.jpg 1536w, https:\/\/radonpro.dk\/wp-content\/uploads\/RadonPro_radonsikring-2048x1367.jpg 2048w\" sizes=\"auto, (max-width: 2560px) 100vw, 2560px\"><\/a>\n\t\t<\/figure>\n\t<\/div>\n\n\t<div class=\"wpb_text_column wpb_content_element\">\n\t\t<div class=\"wpb_wrapper\">\n\t\t\t<h3 class=\"title\">Fokus p&aring; et sundt indeklima<\/h3>\n<p>Radon er en naturlig, radioaktiv gas, der er helt usynlig og lugtfri. Radon i inde luften &oslash;ger risikoen for lungekr&aelig;ft og er en &aring;rligt bidragende &aring;rsag til omkring 350 d&oslash;dsfald. S&aring; fokus p&aring; et sundt indeklima.<\/p>\n<p><a href=\"https:\/\/radonpro.dk\/en\/fokus-paa-et-sundt-indeklima\/\">L&aelig;s mere&hellip;<\/a><\/p>\n\n\t\t<\/div>\n\t<\/div>\n<\/div><\/div><\/div><div class=\"wpb_column vc_column_container vc_col-sm-3 mpc-column\" data-column-id=\"mpc_column-1869f5c1bac71e2\"><div class=\"vc_column-inner\"><div class=\"wpb_wrapper\">\n\t<div class=\"wpb_single_image wpb_content_element vc_align_left\">\n\t\t\n\t\t<figure class=\"wpb_wrapper vc_figure\">\n\t\t\t<a href=\"https:\/\/radonpro.dk\/en\/faa-undersoegt-din-bolig-for-radon\/\" target=\"_self\" class=\"vc_single_image-wrapper   vc_box_border_grey\"><img loading=\"lazy\" decoding=\"async\" width=\"2560\" height=\"1707\" src=\"https:\/\/radonpro.dk\/wp-content\/uploads\/Radon_sikring-scaled.jpg\" class=\"vc_single_image-img attachment-large\" alt=\"\" title=\"Radon_sikring\" srcset=\"https:\/\/radonpro.dk\/wp-content\/uploads\/Radon_sikring-scaled.jpg 2560w, https:\/\/radonpro.dk\/wp-content\/uploads\/Radon_sikring-150x100.jpg 150w, https:\/\/radonpro.dk\/wp-content\/uploads\/Radon_sikring-768x512.jpg 768w, https:\/\/radonpro.dk\/wp-content\/uploads\/Radon_sikring-1536x1024.jpg 1536w, https:\/\/radonpro.dk\/wp-content\/uploads\/Radon_sikring-2048x1365.jpg 2048w\" sizes=\"auto, (max-width: 2560px) 100vw, 2560px\"><\/a>\n\t\t<\/figure>\n\t<\/div>\n\n\t<div class=\"wpb_text_column wpb_content_element\">\n\t\t<div class=\"wpb_wrapper\">\n\t\t\t<h3 class=\"title\">Radoneksponering &ndash; hvad betyder det for dig?<\/h3>\n<p>Radon er en radioaktiv gas, der findes i undergrunden og som ikke kan ses, lugtes eller smages, men som ved daglig eksponering kan give endog meget slemme skader p&aring; vores DNA og dermed vores helbred.<\/p>\n<p><a href=\"https:\/\/radonpro.dk\/en\/faa-undersoegt-din-bolig-for-radon\/\">L&aelig;s mere&hellip;<\/a><\/p>\n\n\t\t<\/div>\n\t<\/div>\n<\/div><\/div><\/div><div class=\"wpb_column vc_column_container vc_col-sm-3 mpc-column\" data-column-id=\"mpc_column-8169f5c1bac7b9c\"><div class=\"vc_column-inner\"><div class=\"wpb_wrapper\">\n\t<div class=\"wpb_single_image wpb_content_element vc_align_left\">\n\t\t\n\t\t<figure class=\"wpb_wrapper vc_figure\">\n\t\t\t<a href=\"https:\/\/radonpro.dk\/en\/har-dit-hus-for-meget-af-den-kraeftfremkaldende-stof\/\" target=\"_self\" class=\"vc_single_image-wrapper   vc_box_border_grey\"><img loading=\"lazy\" decoding=\"async\" width=\"2560\" height=\"1696\" src=\"https:\/\/radonpro.dk\/wp-content\/uploads\/RadonDanmark-scaled.jpg\" class=\"vc_single_image-img attachment-large\" alt=\"\" title=\"RadonDanmark\" srcset=\"https:\/\/radonpro.dk\/wp-content\/uploads\/RadonDanmark-scaled.jpg 2560w, https:\/\/radonpro.dk\/wp-content\/uploads\/RadonDanmark-150x99.jpg 150w, https:\/\/radonpro.dk\/wp-content\/uploads\/RadonDanmark-768x509.jpg 768w, https:\/\/radonpro.dk\/wp-content\/uploads\/RadonDanmark-1536x1017.jpg 1536w, https:\/\/radonpro.dk\/wp-content\/uploads\/RadonDanmark-2048x1356.jpg 2048w\" sizes=\"auto, (max-width: 2560px) 100vw, 2560px\"><\/a>\n\t\t<\/figure>\n\t<\/div>\n\n\t<div class=\"wpb_text_column wpb_content_element\">\n\t\t<div class=\"wpb_wrapper\">\n\t\t\t<h3 class=\"title\">Har dit hus for meget af den sundhedsskadelige luftart?<\/h3>\n<p>WHO har klassificeret Radon som et kr&aelig;ftfremkaldende stof i mennesker hvilket er den h&oslash;jeste klassifikation.<\/p>\n<p><a href=\"https:\/\/radonpro.dk\/en\/har-dit-hus-for-meget-af-den-kraeftfremkaldende-stof\/\">L&aelig;s mere&hellip;<\/a><\/p>\n\n\t\t<\/div>\n\t<\/div>\n<\/div><\/div><\/div><div class=\"wpb_column vc_column_container vc_col-sm-3 mpc-column\" data-column-id=\"mpc_column-9169f5c1bac8307\"><div class=\"vc_column-inner\"><div class=\"wpb_wrapper\">\n\t<div class=\"wpb_single_image wpb_content_element vc_align_left\">\n\t\t\n\t\t<figure class=\"wpb_wrapper vc_figure\">\n\t\t\t<a href=\"https:\/\/radonpro.dk\/en\/radon-toer-du-leve-med-uvisheden\/\" target=\"_self\" class=\"vc_single_image-wrapper   vc_box_border_grey\"><img loading=\"lazy\" decoding=\"async\" width=\"2560\" height=\"1707\" src=\"https:\/\/radonpro.dk\/wp-content\/uploads\/RadonDenmark-scaled.jpg\" class=\"vc_single_image-img attachment-large\" alt=\"\" title=\"RadonDenmark\" srcset=\"https:\/\/radonpro.dk\/wp-content\/uploads\/RadonDenmark-scaled.jpg 2560w, https:\/\/radonpro.dk\/wp-content\/uploads\/RadonDenmark-150x100.jpg 150w, https:\/\/radonpro.dk\/wp-content\/uploads\/RadonDenmark-768x512.jpg 768w, https:\/\/radonpro.dk\/wp-content\/uploads\/RadonDenmark-1536x1024.jpg 1536w, https:\/\/radonpro.dk\/wp-content\/uploads\/RadonDenmark-2048x1365.jpg 2048w\" sizes=\"auto, (max-width: 2560px) 100vw, 2560px\"><\/a>\n\t\t<\/figure>\n\t<\/div>\n\n\t<div class=\"wpb_text_column wpb_content_element\">\n\t\t<div class=\"wpb_wrapper\">\n\t\t\t<h3 class=\"title\">Radon &ndash; t&oslash;r du leve med uvisheden?<\/h3>\n<p>F&aring; unders&oslash;gt radonniveauerne i bolig og p&aring; arbejdsplads, s&aring; de kan reduceres til Sundhedsstyrelsens anbefalinger.<\/p>\n<p><a href=\"https:\/\/radonpro.dk\/en\/radon-toer-du-leve-med-uvisheden\/\">L&aelig;s mere&hellip;<\/a><\/p>\n\n\t\t<\/div>\n\t<\/div>\n<\/div><\/div><\/div><\/div>","protected":false},"excerpt":{"rendered":"Seneste indl&aelig;g \/ Artikler Fokus p&aring; et sundt indeklima Radon er en naturlig, radioaktiv gas, der er helt usynlig og lugtfri. Radon i inde luften &oslash;ger risikoen for lungekr&aelig;ft og er en &aring;rligt bidragende &aring;rsag til omkring 350 d&oslash;dsfald. S&aring;","protected":false},"author":12,"featured_media":0,"parent":0,"menu_order":0,"comment_status":"closed","ping_status":"closed","template":"","meta":{"content-type":"","_monsterinsights_skip_tracking":false,"_monsterinsights_sitenote_active":false,"_monsterinsights_sitenote_note":"","_monsterinsights_sitenote_category":0,"footnotes":""},"class_list":["post-13034","page","type-page","status-publish","hentry"],"yoast_head":"<!-- This site is optimized with the Yoast SEO plugin v27.5 - https:\/\/yoast.com\/product\/yoast-seo-wordpress\/ -->\n<title>Artikler - Radon Pro<\/title>\n<meta name=\"description\" content=\"Radon i inde luften \u00f8ger risikoen for lungekr\u00e6ft. S\u00e5 fokus p\u00e5 et sundt indeklima, og radonm\u00e5ling b\u00f8r derfor udf\u00f8res\" \/>\n<meta name=\"robots\" content=\"index, follow, max-snippet:-1, max-image-preview:large, max-video-preview:-1\" \/>\n<link rel=\"canonical\" href=\"https:\/\/radonpro.dk\/en\/artikler\/\" \/>\n<meta property=\"og:locale\" content=\"en_US\" \/>\n<meta property=\"og:type\" content=\"article\" \/>\n<meta property=\"og:title\" content=\"Artikler - Radon Pro\" \/>\n<meta property=\"og:description\" content=\"Radon i inde luften \u00f8ger risikoen for lungekr\u00e6ft. S\u00e5 fokus p\u00e5 et sundt indeklima, og radonm\u00e5ling b\u00f8r derfor udf\u00f8res\" \/>\n<meta property=\"og:url\" content=\"https:\/\/radonpro.dk\/en\/artikler\/\" \/>\n<meta property=\"og:site_name\" content=\"Radon Pro\" \/>\n<meta property=\"article:modified_time\" content=\"2021-03-22T14:11:37+00:00\" \/>\n<meta name=\"twitter:card\" content=\"summary_large_image\" \/>\n<meta name=\"twitter:label1\" content=\"Est. reading time\" \/>\n\t<meta name=\"twitter:data1\" content=\"1 minute\" \/>\n<script type=\"application\/ld+json\" class=\"yoast-schema-graph\">{\"@context\":\"https:\\\/\\\/schema.org\",\"@graph\":[{\"@type\":\"WebPage\",\"@id\":\"https:\\\/\\\/radonpro.dk\\\/artikler\\\/\",\"url\":\"https:\\\/\\\/radonpro.dk\\\/artikler\\\/\",\"name\":\"Artikler - Radon Pro\",\"isPartOf\":{\"@id\":\"https:\\\/\\\/radonpro.dk\\\/en\\\/#website\"},\"datePublished\":\"2020-02-21T23:13:19+00:00\",\"dateModified\":\"2021-03-22T14:11:37+00:00\",\"description\":\"Radon i inde luften \u00f8ger risikoen for lungekr\u00e6ft. S\u00e5 fokus p\u00e5 et sundt indeklima, og radonm\u00e5ling b\u00f8r derfor udf\u00f8res\",\"breadcrumb\":{\"@id\":\"https:\\\/\\\/radonpro.dk\\\/artikler\\\/#breadcrumb\"},\"inLanguage\":\"en-US\",\"potentialAction\":[{\"@type\":\"ReadAction\",\"target\":[\"https:\\\/\\\/radonpro.dk\\\/artikler\\\/\"]}]},{\"@type\":\"BreadcrumbList\",\"@id\":\"https:\\\/\\\/radonpro.dk\\\/artikler\\\/#breadcrumb\",\"itemListElement\":[{\"@type\":\"ListItem\",\"position\":1,\"name\":\"Hjem\",\"item\":\"https:\\\/\\\/radonpro.dk\\\/\"},{\"@type\":\"ListItem\",\"position\":2,\"name\":\"Artikler\"}]},{\"@type\":\"WebSite\",\"@id\":\"https:\\\/\\\/radonpro.dk\\\/en\\\/#website\",\"url\":\"https:\\\/\\\/radonpro.dk\\\/en\\\/\",\"name\":\"Radon Pro\",\"description\":\"Radon Pro\",\"publisher\":{\"@id\":\"https:\\\/\\\/radonpro.dk\\\/en\\\/#organization\"},\"potentialAction\":[{\"@type\":\"SearchAction\",\"target\":{\"@type\":\"EntryPoint\",\"urlTemplate\":\"https:\\\/\\\/radonpro.dk\\\/en\\\/?s={search_term_string}\"},\"query-input\":{\"@type\":\"PropertyValueSpecification\",\"valueRequired\":true,\"valueName\":\"search_term_string\"}}],\"inLanguage\":\"en-US\"},{\"@type\":\"Organization\",\"@id\":\"https:\\\/\\\/radonpro.dk\\\/en\\\/#organization\",\"name\":\"Radon Pro\",\"url\":\"https:\\\/\\\/radonpro.dk\\\/en\\\/\",\"logo\":{\"@type\":\"ImageObject\",\"inLanguage\":\"en-US\",\"@id\":\"https:\\\/\\\/radonpro.dk\\\/en\\\/#\\\/schema\\\/logo\\\/image\\\/\",\"url\":\"\",\"contentUrl\":\"\",\"caption\":\"Radon Pro\"},\"image\":{\"@id\":\"https:\\\/\\\/radonpro.dk\\\/en\\\/#\\\/schema\\\/logo\\\/image\\\/\"}}]}<\/script>\n<!-- \/ Yoast SEO plugin. -->","yoast_head_json":{"title":"Artikler - Radon Pro","description":"Radon i inde luften \u00f8ger risikoen for lungekr\u00e6ft. S\u00e5 fokus p\u00e5 et sundt indeklima, og radonm\u00e5ling b\u00f8r derfor udf\u00f8res","robots":{"index":"index","follow":"follow","max-snippet":"max-snippet:-1","max-image-preview":"max-image-preview:large","max-video-preview":"max-video-preview:-1"},"canonical":"https:\/\/radonpro.dk\/en\/artikler\/","og_locale":"en_US","og_type":"article","og_title":"Artikler - Radon Pro","og_description":"Radon i inde luften \u00f8ger risikoen for lungekr\u00e6ft. S\u00e5 fokus p\u00e5 et sundt indeklima, og radonm\u00e5ling b\u00f8r derfor udf\u00f8res","og_url":"https:\/\/radonpro.dk\/en\/artikler\/","og_site_name":"Radon Pro","article_modified_time":"2021-03-22T14:11:37+00:00","twitter_card":"summary_large_image","twitter_misc":{"Est. reading time":"1 minute"},"schema":{"@context":"https:\/\/schema.org","@graph":[{"@type":"WebPage","@id":"https:\/\/radonpro.dk\/artikler\/","url":"https:\/\/radonpro.dk\/artikler\/","name":"Artikler - Radon Pro","isPartOf":{"@id":"https:\/\/radonpro.dk\/en\/#website"},"datePublished":"2020-02-21T23:13:19+00:00","dateModified":"2021-03-22T14:11:37+00:00","description":"Radon i inde luften \u00f8ger risikoen for lungekr\u00e6ft. S\u00e5 fokus p\u00e5 et sundt indeklima, og radonm\u00e5ling b\u00f8r derfor udf\u00f8res","breadcrumb":{"@id":"https:\/\/radonpro.dk\/artikler\/#breadcrumb"},"inLanguage":"en-US","potentialAction":[{"@type":"ReadAction","target":["https:\/\/radonpro.dk\/artikler\/"]}]},{"@type":"BreadcrumbList","@id":"https:\/\/radonpro.dk\/artikler\/#breadcrumb","itemListElement":[{"@type":"ListItem","position":1,"name":"Hjem","item":"https:\/\/radonpro.dk\/"},{"@type":"ListItem","position":2,"name":"Artikler"}]},{"@type":"WebSite","@id":"https:\/\/radonpro.dk\/en\/#website","url":"https:\/\/radonpro.dk\/en\/","name":"Radon Pro","description":"Radon Pro","publisher":{"@id":"https:\/\/radonpro.dk\/en\/#organization"},"potentialAction":[{"@type":"SearchAction","target":{"@type":"EntryPoint","urlTemplate":"https:\/\/radonpro.dk\/en\/?s={search_term_string}"},"query-input":{"@type":"PropertyValueSpecification","valueRequired":true,"valueName":"search_term_string"}}],"inLanguage":"en-US"},{"@type":"Organization","@id":"https:\/\/radonpro.dk\/en\/#organization","name":"Radon Pro","url":"https:\/\/radonpro.dk\/en\/","logo":{"@type":"ImageObject","inLanguage":"en-US","@id":"https:\/\/radonpro.dk\/en\/#\/schema\/logo\/image\/","url":"","contentUrl":"","caption":"Radon Pro"},"image":{"@id":"https:\/\/radonpro.dk\/en\/#\/schema\/logo\/image\/"}}]}},"_links":{"self":[{"href":"https:\/\/radonpro.dk\/en\/wp-json\/wp\/v2\/pages\/13034","targetHints":{"allow":["GET"]}}],"collection":[{"href":"https:\/\/radonpro.dk\/en\/wp-json\/wp\/v2\/pages"}],"about":[{"href":"https:\/\/radonpro.dk\/en\/wp-json\/wp\/v2\/types\/page"}],"author":[{"embeddable":true,"href":"https:\/\/radonpro.dk\/en\/wp-json\/wp\/v2\/users\/12"}],"replies":[{"embeddable":true,"href":"https:\/\/radonpro.dk\/en\/wp-json\/wp\/v2\/comments?post=13034"}],"version-history":[{"count":37,"href":"https:\/\/radonpro.dk\/en\/wp-json\/wp\/v2\/pages\/13034\/revisions"}],"predecessor-version":[{"id":13742,"href":"https:\/\/radonpro.dk\/en\/wp-json\/wp\/v2\/pages\/13034\/revisions\/13742"}],"wp:attachment":[{"href":"https:\/\/radonpro.dk\/en\/wp-json\/wp\/v2\/media?parent=13034"}],"curies":[{"name":"wp","href":"https:\/\/api.w.org\/{rel}","templated":true}]}}